{"id":358,"date":"2023-02-11T23:57:37","date_gmt":"2023-02-11T23:57:37","guid":{"rendered":"https:\/\/ficcionclimatica.com\/?page_id=358"},"modified":"2023-03-15T22:18:18","modified_gmt":"2023-03-15T22:18:18","slug":"la-novela-grafica","status":"publish","type":"page","link":"https:\/\/ficcionclimatica.com\/?page_id=358","title":{"rendered":"La novela gr\u00e1fica"},"content":{"rendered":"\t\t<div data-elementor-type=\"wp-page\" data-elementor-id=\"358\" class=\"elementor elementor-358\" data-elementor-settings=\"[]\">\n\t\t\t\t\t\t\t<div class=\"elementor-section-wrap\">\n\t\t\t\t\t\t\t<section class=\"elementor-section elementor-top-section elementor-element elementor-element-51516b0b elementor-section-boxed elementor-section-height-default elementor-section-height-default\" data-id=\"51516b0b\" data-element_type=\"section\">\n\t\t\t\t\t\t<div class=\"elementor-container elementor-column-gap-default\">\n\t\t\t\t\t<div class=\"elementor-column elementor-col-100 elementor-top-column elementor-element elementor-element-6458b08d\" data-id=\"6458b08d\" data-element_type=\"column\">\n\t\t\t<div class=\"elementor-widget-wrap elementor-element-populated\">\n\t\t\t\t\t\t\t\t<div class=\"elementor-element elementor-element-6271bfe4 elementor-widget elementor-widget-text-editor\" data-id=\"6271bfe4\" data-element_type=\"widget\" data-widget_type=\"text-editor.default\">\n\t\t\t\t<div class=\"elementor-widget-container\">\n\t\t\t<style>\/*! elementor - v3.5.4 - 23-01-2022 *\/\n.elementor-widget-text-editor.elementor-drop-cap-view-stacked .elementor-drop-cap{background-color:#818a91;color:#fff}.elementor-widget-text-editor.elementor-drop-cap-view-framed .elementor-drop-cap{color:#818a91;border:3px solid;background-color:transparent}.elementor-widget-text-editor:not(.elementor-drop-cap-view-default) .elementor-drop-cap{margin-top:8px}.elementor-widget-text-editor:not(.elementor-drop-cap-view-default) .elementor-drop-cap-letter{width:1em;height:1em}.elementor-widget-text-editor .elementor-drop-cap{float:left;text-align:center;line-height:1;font-size:50px}.elementor-widget-text-editor .elementor-drop-cap-letter{display:inline-block}<\/style>\t\t\t\t<!-- wp:paragraph -->\n<p><style>\na.elmenu:link {\n\tcolor: #00ccff;\n}\n\na.elmenu:visited {\n\tcolor: #00ccff;\n}\n\na.elmenu:hover {\n\tcolor: #ffffff;\n}\n\na.elmenu:active {\n  background-color: #cccccc;\n} \n<\/style><\/p>\n<center>\n<p><a href=\"https:\/\/ficcionclimatica.com\/?page_id=269\"><img loading=\"lazy\" decoding=\"async\" class=\"wp-image-291 size-full aligncenter\" src=\"https:\/\/ficcionclimatica.com\/wp-content\/uploads\/2023\/02\/Logo-winterb-blanco-peq-1.png\" alt=\"logo winter bicycle, the film\" width=\"816\" height=\"333\" srcset=\"https:\/\/ficcionclimatica.com\/wp-content\/uploads\/2023\/02\/Logo-winterb-blanco-peq-1.png 816w, https:\/\/ficcionclimatica.com\/wp-content\/uploads\/2023\/02\/Logo-winterb-blanco-peq-1-300x122.png 300w, https:\/\/ficcionclimatica.com\/wp-content\/uploads\/2023\/02\/Logo-winterb-blanco-peq-1-768x313.png 768w\" sizes=\"auto, (max-width: 816px) 100vw, 816px\" \/><\/a><\/p>\n<div style=\"color: #00ccff;\"><a class=\"elmenu\" href=\"https:\/\/ficcionclimatica.com\/?page_id=311\">LA PEL\u00cdCULA<\/a> |\u00a0 <a class=\"elmenu\" href=\"https:\/\/ficcionclimatica.com\/?page_id=358\">NOVELA GR\u00c1FICA<\/a>\u00a0 |\u00a0 <a class=\"elmenu\" href=\"https:\/\/ficcionclimatica.com\/?page_id=424\">VIDEOJUEGO<\/a>\u00a0 |\u00a0 \u00a0<a class=\"elmenu\" href=\"https:\/\/ficcionclimatica.com\/?page_id=411\">PROYECTO EDUCATIVO<\/a>\u00a0 |\u00a0 <a class=\"elmenu\" href=\"https:\/\/ficcionclimatica.com\/?page_id=414\">ANTICIPACI\u00d3N CLIM\u00c1TICA<\/a> |\u00a0 <a class=\"elmenu\" href=\"https:\/\/ficcionclimatica.com\/?page_id=418\">CONTACTAR<\/a>\u00a0<\/div>\n<hr \/>\n<div style=\"width: 80%; text-align: justify;\"><hr \/>\n<p><img loading=\"lazy\" decoding=\"async\" class=\"aligncenter wp-image-707 size-full\" src=\"https:\/\/ficcionclimatica.com\/wp-content\/uploads\/2023\/02\/IMAGEN-PROMO-NOVELA-GRAFICA-POR-PAGINAS.png\" alt=\"\" width=\"800\" height=\"703\" srcset=\"https:\/\/ficcionclimatica.com\/wp-content\/uploads\/2023\/02\/IMAGEN-PROMO-NOVELA-GRAFICA-POR-PAGINAS.png 800w, https:\/\/ficcionclimatica.com\/wp-content\/uploads\/2023\/02\/IMAGEN-PROMO-NOVELA-GRAFICA-POR-PAGINAS-300x264.png 300w, https:\/\/ficcionclimatica.com\/wp-content\/uploads\/2023\/02\/IMAGEN-PROMO-NOVELA-GRAFICA-POR-PAGINAS-768x675.png 768w\" sizes=\"auto, (max-width: 800px) 100vw, 800px\" \/><\/p>\n<h3>\u00a0<\/h3>\n<h3 style=\"color: #999999;\"><span style=\"color: #ffffff;\"><span style=\"color: #e0e0e0;\">Adem\u00e1s de una <span style=\"text-decoration: underline; color: #ffcc00;\"><a style=\"color: #ffcc00; text-decoration: underline;\" href=\"https:\/\/ficcionclimatica.com\/?page_id=311\">pel\u00edcula de animaci\u00f3n<\/a><\/span>, Winter Bicycle es tambi\u00e9n una novela gr\u00e1fica, donde se cuentan las aventuras de Nicol y Berta desde otra perspectiva. Este c\u00f3mic extiende la narrativa Winter Bicycle a un lenguaje gr\u00e1fico m\u00e1s art\u00edstico, donde la ilustraci\u00f3n se convierte en el verdadero protagonista comunicativo. \u00a0<\/span> <br \/><\/span><\/h3>\n<p><img loading=\"lazy\" decoding=\"async\" class=\"aligncenter wp-image-379 size-full\" src=\"https:\/\/ficcionclimatica.com\/wp-content\/uploads\/2023\/02\/fotograma-portaretratos.jpg\" alt=\"\" width=\"1200\" height=\"800\" srcset=\"https:\/\/ficcionclimatica.com\/wp-content\/uploads\/2023\/02\/fotograma-portaretratos.jpg 1200w, https:\/\/ficcionclimatica.com\/wp-content\/uploads\/2023\/02\/fotograma-portaretratos-300x200.jpg 300w, https:\/\/ficcionclimatica.com\/wp-content\/uploads\/2023\/02\/fotograma-portaretratos-1024x683.jpg 1024w, https:\/\/ficcionclimatica.com\/wp-content\/uploads\/2023\/02\/fotograma-portaretratos-768x512.jpg 768w\" sizes=\"auto, (max-width: 1200px) 100vw, 1200px\" \/><\/p>\n<div>\n<h3><span style=\"color: #999999;\">Winter Bicycle es un proyecto de innovaci\u00f3n docente basado en la ficci\u00f3n clim\u00e1tica. A partir de tres contenidos culturales (una pel\u00edcula de animaci\u00f3n, una novela gr\u00e1fica y un videojuego), se generan espacios de debate y de aprendizaje de tipo inmersivo.<\/span><\/h3>\n<h3><br \/><span style=\"color: #999999;\">Los escenarios que el Panel Intergubernamental sobre Cambio Clim\u00e1tico (IPCC) ha ido proyectando en sus informes sirven de punto de arranque y nos animan a pensar con qu\u00e9 modelo de ciudad vamos a afrontar las sequ\u00edas, el precio de la energ\u00eda, el aumento del nivel del mar o los fen\u00f3menos meteorol\u00f3gicos adversos.<\/span><\/h3>\n<h3><br \/><span style=\"color: #999999;\">La participaci\u00f3n en estos contenidos culturales supone un acercamiento propositivo y creativo a uno de los grandes retos de la humanidad, poniendo en valor la ficci\u00f3n como recurso narrativo de anticipaci\u00f3n ante las crisis a las que nos enfrentamos.<\/span><\/h3>\n<\/div>\n<\/div>\n<!-- \/wp:paragraph --><!-- wp:image {\"id\":270,\"sizeSlug\":\"large\",\"linkDestination\":\"none\"} --><!-- \/wp:image --><\/center>\n<p><!-- wp:paragraph --><\/p>\n<p>\u00a0<\/p>\n<p>\u00a0<\/p>\n<p><!-- \/wp:paragraph --><\/p>\n<p><!-- wp:image {\"id\":270,\"sizeSlug\":\"large\",\"linkDestination\":\"none\"} --><\/p>\n<figure class=\"wp-block-image size-large\"><\/figure>\n<p><!-- \/wp:image --><\/p>\t\t\t\t\t\t<\/div>\n\t\t\t\t<\/div>\n\t\t\t\t\t<\/div>\n\t\t<\/div>\n\t\t\t\t\t\t\t<\/div>\n\t\t<\/section>\n\t\t\t\t<section class=\"elementor-section elementor-top-section elementor-element elementor-element-7f7d1b0 elementor-section-boxed elementor-section-height-default elementor-section-height-default\" data-id=\"7f7d1b0\" data-element_type=\"section\">\n\t\t\t\t\t\t<div class=\"elementor-container elementor-column-gap-default\">\n\t\t\t\t\t<div class=\"elementor-column elementor-col-100 elementor-top-column elementor-element elementor-element-d8894a2\" data-id=\"d8894a2\" data-element_type=\"column\">\n\t\t\t<div class=\"elementor-widget-wrap elementor-element-populated\">\n\t\t\t\t\t\t\t\t<div class=\"elementor-element elementor-element-434921c elementor-widget elementor-widget-text-editor\" data-id=\"434921c\" data-element_type=\"widget\" data-widget_type=\"text-editor.default\">\n\t\t\t\t<div class=\"elementor-widget-container\">\n\t\t\t\t\t\t\t<p style=\"text-align: center;\"><span style=\"color: #cccccc;\">Proyecto Innova-Docencia 2022-2023 n.\u00ba 330 de la Universidad Complutense de Madrid:<\/span><br \/><span style=\"color: #cccccc;\">\u201cLa ficci\u00f3n clim\u00e1tica como recurso educativo en comunicaci\u00f3n audiovisual y publicidad\u201d.<\/span><\/p>\t\t\t\t\t\t<\/div>\n\t\t\t\t<\/div>\n\t\t\t\t\t<\/div>\n\t\t<\/div>\n\t\t\t\t\t\t\t<\/div>\n\t\t<\/section>\n\t\t\t\t\t\t<\/div>\n\t\t\t\t\t<\/div>\n\t\t","protected":false},"excerpt":{"rendered":"<p>LA PEL\u00cdCULA |\u00a0 NOVELA GR\u00c1FICA\u00a0 |\u00a0 VIDEOJUEGO\u00a0 |\u00a0 \u00a0PROYECTO EDUCATIVO\u00a0 |\u00a0 ANTICIPACI\u00d3N CLIM\u00c1TICA |\u00a0 CONTACTAR\u00a0&#8230;<\/p>\n","protected":false},"author":1,"featured_media":0,"parent":0,"menu_order":0,"comment_status":"closed","ping_status":"closed","template":"elementor_canvas","meta":{"footnotes":""},"class_list":["post-358","page","type-page","status-publish","hentry"],"_links":{"self":[{"href":"https:\/\/ficcionclimatica.com\/index.php?rest_route=\/wp\/v2\/pages\/358","targetHints":{"allow":["GET"]}}],"collection":[{"href":"https:\/\/ficcionclimatica.com\/index.php?rest_route=\/wp\/v2\/pages"}],"about":[{"href":"https:\/\/ficcionclimatica.com\/index.php?rest_route=\/wp\/v2\/types\/page"}],"author":[{"embeddable":true,"href":"https:\/\/ficcionclimatica.com\/index.php?rest_route=\/wp\/v2\/users\/1"}],"replies":[{"embeddable":true,"href":"https:\/\/ficcionclimatica.com\/index.php?rest_route=%2Fwp%2Fv2%2Fcomments&post=358"}],"version-history":[{"count":46,"href":"https:\/\/ficcionclimatica.com\/index.php?rest_route=\/wp\/v2\/pages\/358\/revisions"}],"predecessor-version":[{"id":1125,"href":"https:\/\/ficcionclimatica.com\/index.php?rest_route=\/wp\/v2\/pages\/358\/revisions\/1125"}],"wp:attachment":[{"href":"https:\/\/ficcionclimatica.com\/index.php?rest_route=%2Fwp%2Fv2%2Fmedia&parent=358"}],"curies":[{"name":"wp","href":"https:\/\/api.w.org\/{rel}","templated":true}]}}