{"id":414,"date":"2023-02-13T21:11:45","date_gmt":"2023-02-13T21:11:45","guid":{"rendered":"https:\/\/ficcionclimatica.com\/?page_id=414"},"modified":"2023-02-22T21:25:10","modified_gmt":"2023-02-22T21:25:10","slug":"anticipacion-climatica","status":"publish","type":"page","link":"https:\/\/ficcionclimatica.com\/?page_id=414","title":{"rendered":"Anticipaci\u00f3n clim\u00e1tica"},"content":{"rendered":"\t\t<div data-elementor-type=\"wp-page\" data-elementor-id=\"414\" class=\"elementor elementor-414\" data-elementor-settings=\"[]\">\n\t\t\t\t\t\t\t<div class=\"elementor-section-wrap\">\n\t\t\t\t\t\t\t<section class=\"elementor-section elementor-top-section elementor-element elementor-element-41141af elementor-section-boxed elementor-section-height-default elementor-section-height-default\" data-id=\"41141af\" data-element_type=\"section\">\n\t\t\t\t\t\t<div class=\"elementor-container elementor-column-gap-default\">\n\t\t\t\t\t<div class=\"elementor-column elementor-col-100 elementor-top-column elementor-element elementor-element-7e962a8\" data-id=\"7e962a8\" data-element_type=\"column\">\n\t\t\t<div class=\"elementor-widget-wrap elementor-element-populated\">\n\t\t\t\t\t\t\t\t<div class=\"elementor-element elementor-element-826d497 elementor-widget elementor-widget-text-editor\" data-id=\"826d497\" data-element_type=\"widget\" data-widget_type=\"text-editor.default\">\n\t\t\t\t<div class=\"elementor-widget-container\">\n\t\t\t<style>\/*! elementor - v3.5.4 - 23-01-2022 *\/\n.elementor-widget-text-editor.elementor-drop-cap-view-stacked .elementor-drop-cap{background-color:#818a91;color:#fff}.elementor-widget-text-editor.elementor-drop-cap-view-framed .elementor-drop-cap{color:#818a91;border:3px solid;background-color:transparent}.elementor-widget-text-editor:not(.elementor-drop-cap-view-default) .elementor-drop-cap{margin-top:8px}.elementor-widget-text-editor:not(.elementor-drop-cap-view-default) .elementor-drop-cap-letter{width:1em;height:1em}.elementor-widget-text-editor .elementor-drop-cap{float:left;text-align:center;line-height:1;font-size:50px}.elementor-widget-text-editor .elementor-drop-cap-letter{display:inline-block}<\/style>\t\t\t\t<!-- wp:paragraph -->\n<p><style>\na.elmenu:link {\n\tcolor: #00ccff;\n}\n\na.elmenu:visited {\n\tcolor: #00ccff;\n}\n\na.elmenu:hover {\n\tcolor: #ffffff;\n}\n\na.elmenu:active {\n  background-color: #cccccc;\n} \n<\/style><\/p>\n<center>\n<p><a href=\"https:\/\/ficcionclimatica.com\/?page_id=269\"><img loading=\"lazy\" decoding=\"async\" class=\"wp-image-291 size-full aligncenter\" src=\"https:\/\/ficcionclimatica.com\/wp-content\/uploads\/2023\/02\/Logo-winterb-blanco-peq-1.png\" alt=\"logo winter bicycle, the film\" width=\"816\" height=\"333\" srcset=\"https:\/\/ficcionclimatica.com\/wp-content\/uploads\/2023\/02\/Logo-winterb-blanco-peq-1.png 816w, https:\/\/ficcionclimatica.com\/wp-content\/uploads\/2023\/02\/Logo-winterb-blanco-peq-1-300x122.png 300w, https:\/\/ficcionclimatica.com\/wp-content\/uploads\/2023\/02\/Logo-winterb-blanco-peq-1-768x313.png 768w\" sizes=\"auto, (max-width: 816px) 100vw, 816px\" \/><\/a><\/p>\n<div style=\"color: #00ccff;\"><a class=\"elmenu\" href=\"https:\/\/ficcionclimatica.com\/?page_id=311\">LA PEL\u00cdCULA<\/a> |\u00a0 <a class=\"elmenu\" href=\"https:\/\/ficcionclimatica.com\/?page_id=358\">NOVELA GR\u00c1FICA<\/a>\u00a0 |\u00a0 <a class=\"elmenu\" href=\"https:\/\/ficcionclimatica.com\/?page_id=424\">VIDEOJUEGO<\/a>\u00a0 |\u00a0 \u00a0<a class=\"elmenu\" href=\"https:\/\/ficcionclimatica.com\/?page_id=411\">PROYECTO EDUCATIVO<\/a>\u00a0 |\u00a0 <a class=\"elmenu\" href=\"https:\/\/ficcionclimatica.com\/?page_id=414\">ANTICIPACI\u00d3N CLIM\u00c1TICA<\/a> |\u00a0 <a class=\"elmenu\" href=\"https:\/\/ficcionclimatica.com\/?page_id=418\">CONTACTAR<\/a>\u00a0<\/div>\n<hr \/>\n<div style=\"width: 70%; text-align: justify;\">\n<p>&nbsp;<\/p>\n<h4>La anticipaci\u00f3n clim\u00e1tica es un proceso creativo y colectivo que nos permite pensar nuestras ciudades y entornos rurales ante la crisis clim\u00e1tica. \u00bfC\u00f3mo son las ciudades que sobrevivir\u00e1n al cambio clim\u00e1tico?<\/h4>\n<p>&nbsp;<\/p>\n<\/div>\n<\/center>\n\n<center style=\"font-family: 'Verdana'; font-size: 10pt; line-height: 14px;\">\n<div id=\"bicistxt\" style=\"position: absolute; width: 250px; height: 130px; background: #ffffff; top: 880px; left: 210px; opacity: 0.8; padding: 20px 20px 20px 20px; display: none;\"><b>Al sustituir autom\u00f3viles por formas de transporte m\u00e1s eficientes en ciudad, como la bicicleta, reducimos la contaminaci\u00f3n y aumenta la calidad de vida.<\/b><\/div> \n<div id=\"arbolestxt\" style=\"position: absolute; width: 250px; height: 190px; background: #ffffff; top: 750px; left: 540px; opacity: 0.8; padding: 20px 20px 20px 20px; display: none;\"><b>Los \u00e1rboles reducen la temperatura hasta 12\u00ba y evitan muertes durante las olas de calor. Son imprescindibles para reducir el efecto urbano \u00abisla de calor\u00bb. Los pasillos verdes permiten que los peatones puedan salir a la calle incluso durante episodios de mucho calor.<\/b><\/div>\n<div id=\"comuntxt\" style=\"position: absolute; width: 240px; height: 160px; background: #ffffff; top: 810px; left: 750px; opacity: 0.8; padding: 20px 20px 20px 20px; display: none;\"><b>Las comunidades de vecinos que ofrecen servicios colaborativos, como lavadora\/secadora comunitaria permiten ahorros de energ\u00eda necesarios para la lucha contra el cambio clim\u00e1tico.<\/b><\/div>\n<div id=\"huertotxt\" style=\"position: absolute; width: 320px; height: 90px; background: #ffffff; top:720px; left: 1000px; opacity: 0.8; padding: 20px 20px 20px 20px; display: none;\"><b>La carest\u00eda de la producci\u00f3n agr\u00edcola da un papel relevante a los huertos urbanos, tambi\u00e9n en azoteas de edificios. <\/b><\/div>\n<div id=\"aguatxt\" style=\"position: absolute; width: 250px; height: 144px; background: #ffffff; top: 550px; left: 600px; opacity: 0.8; padding: 20px 20px 20px 20px; display: none;\"><b>El valor del agua potable hace necesario redise\u00f1ar la canalizaci\u00f3n del agua para evitar p\u00e9rdidas y que el agua no potable (aguas grises) tenga distintos usos en el hogar. <\/b><\/div>\n<div id=\"solartxt\" style=\"position: absolute; width: 430px; height: 70px; background: #ffffff; top: 600px; left: 150px; opacity: 0.8; padding: 20px 20px 20px 20px; display: none;\"><b>La energ\u00eda solar se expande por todos los tipos de superficie, desde azoteas a fachadas.<\/b><\/div>\n<div id=\"cielotxt\" style=\"position: absolute; width: 500px; height: 70px; background: #ffffff; top: 520px; left:460px; opacity: 0.8; padding: 20px 20px 20px 20px; display: none;\"><b>El objetivo de disminuir la contaminaci\u00f3n del aire requiere la reducci\u00f3n inmediata del tr\u00e1fico motorizado.<\/b><\/div>\n\n<img decoding=\"async\" src=\"https:\/\/ficcionclimatica.com\/wp-content\/uploads\/2023\/02\/original.jpg\" usemap=\"#granvia\" name=\"lagranvia\">\n<map name=\"granvia\">\n    <area alt=\"trafico\" title=\"Movilidad urbana\" href=\"#\" coords=\"229,528,26\" shape=\"circle\" onMouseOver=\"lagranvia.src='https:\/\/ficcionclimatica.com\/wp-content\/uploads\/2023\/02\/bicis.jpg';document.getElementById('bicistxt').style.display='block'\" onMouseOut=\"lagranvia.src='https:\/\/ficcionclimatica.com\/wp-content\/uploads\/2023\/02\/original.jpg';document.getElementById('bicistxt').style.display='none'\">\n<area alt=\"arboles\" title=\"Pasillo verde\" href=\"#\" coords=\"436,474,28\" shape=\"circle\" onMouseOver=\"lagranvia.src='https:\/\/ficcionclimatica.com\/wp-content\/uploads\/2023\/02\/arboles.jpg';document.getElementById('arbolestxt').style.display='block'\" onMouseOut=\"lagranvia.src='https:\/\/ficcionclimatica.com\/wp-content\/uploads\/2023\/02\/original.jpg';document.getElementById('arbolestxt').style.display='none'\">\n<area alt=\"comun\" title=\"Recursos comunitarios\" href=\"#\" coords=\"860,485,26\" shape=\"circle\" onMouseOver=\"lagranvia.src='https:\/\/ficcionclimatica.com\/wp-content\/uploads\/2023\/02\/comun.jpg';document.getElementById('comuntxt').style.display='block'\" onMouseOut=\"lagranvia.src='https:\/\/ficcionclimatica.com\/wp-content\/uploads\/2023\/02\/original.jpg';document.getElementById('comuntxt').style.display='none'\">\n<area alt=\"huerto\" title=\"Huerto urbano\" href=\"#\" coords=\"948,345,24\" shape=\"circle\" onMouseOver=\"lagranvia.src='https:\/\/ficcionclimatica.com\/wp-content\/uploads\/2023\/02\/huerto.jpg';document.getElementById('huertotxt').style.display='block'\" onMouseOut=\"lagranvia.src='https:\/\/ficcionclimatica.com\/wp-content\/uploads\/2023\/02\/original.jpg';document.getElementById('huertotxt').style.display='none'\">\n<area alt=\"agua\" title=\"Doble gestion del agua\" href=\"#\" coords=\"683,193,24\" shape=\"circle\" onMouseOver=\"lagranvia.src='https:\/\/ficcionclimatica.com\/wp-content\/uploads\/2023\/02\/agua.jpg';document.getElementById('aguatxt').style.display='block'\" onMouseOut=\"lagranvia.src='https:\/\/ficcionclimatica.com\/wp-content\/uploads\/2023\/02\/original.jpg';document.getElementById('aguatxt').style.display='none'\">\n<area alt=\"solar\" title=\"Energia Solar\" href=\"#\" coords=\"353,214,24\" shape=\"circle\" onMouseOver=\"lagranvia.src='https:\/\/ficcionclimatica.com\/wp-content\/uploads\/2023\/02\/solar.jpg';document.getElementById('solartxt').style.display='block'\" onMouseOut=\"lagranvia.src='https:\/\/ficcionclimatica.com\/wp-content\/uploads\/2023\/02\/original.jpg';document.getElementById('solartxt').style.display='none'\">\n<area alt=\"cielo\" title=\"Contaminacion del aire\" href=\"#\" coords=\"843,54,23\" shape=\"circle\" onMouseOver=\"lagranvia.src='https:\/\/ficcionclimatica.com\/wp-content\/uploads\/2023\/02\/cielo.jpg';document.getElementById('cielotxt').style.display='block'\" onMouseOut=\"lagranvia.src='https:\/\/ficcionclimatica.com\/wp-content\/uploads\/2023\/02\/original.jpg';document.getElementById('cielotxt').style.display='none'\">\n<\/map>\n\n<img loading=\"lazy\" decoding=\"async\" src=\"https:\/\/ficcionclimatica.com\/wp-content\/uploads\/2023\/02\/huerto.jpg\" width=\"1\" height=\"1\"><img loading=\"lazy\" decoding=\"async\" src=\"https:\/\/ficcionclimatica.com\/wp-content\/uploads\/2023\/02\/bicis.jpg\" width=\"1\" height=\"1\"><img loading=\"lazy\" decoding=\"async\" src=\"https:\/\/ficcionclimatica.com\/wp-content\/uploads\/2023\/02\/agua.jpg\" width=\"1\" height=\"1\"><img loading=\"lazy\" decoding=\"async\" src=\"https:\/\/ficcionclimatica.com\/wp-content\/uploads\/2023\/02\/bicis.jpg\" width=\"1\" height=\"1\"><img loading=\"lazy\" decoding=\"async\" src=\"https:\/\/ficcionclimatica.com\/wp-content\/uploads\/2023\/02\/solar.jpg\" width=\"1\" height=\"1\"><img loading=\"lazy\" decoding=\"async\" src=\"https:\/\/ficcionclimatica.com\/wp-content\/uploads\/2023\/02\/bicis.jpg\" width=\"1\" height=\"1\"><img loading=\"lazy\" decoding=\"async\" src=\"https:\/\/ficcionclimatica.com\/wp-content\/uploads\/2023\/02\/bicis.jpg\" width=\"1\" height=\"1\"><img loading=\"lazy\" decoding=\"async\" src=\"https:\/\/ficcionclimatica.com\/wp-content\/uploads\/2023\/02\/bicis.jpg\" width=\"1\" height=\"1\"><img loading=\"lazy\" decoding=\"async\" src=\"https:\/\/ficcionclimatica.com\/wp-content\/uploads\/2023\/02\/cielo.jpg\" width=\"1\" height=\"1\"><img loading=\"lazy\" decoding=\"async\" src=\"https:\/\/ficcionclimatica.com\/wp-content\/uploads\/2023\/02\/cielo.jpg\" width=\"1\" height=\"1\"><img loading=\"lazy\" decoding=\"async\" src=\"https:\/\/ficcionclimatica.com\/wp-content\/uploads\/2023\/02\/comun.jpg\" width=\"1\" height=\"1\"><img loading=\"lazy\" decoding=\"async\" src=\"https:\/\/ficcionclimatica.com\/wp-content\/uploads\/2023\/02\/arboles.jpg\" width=\"1\" height=\"1\"><img loading=\"lazy\" decoding=\"async\" src=\"https:\/\/ficcionclimatica.com\/wp-content\/uploads\/2023\/02\/arboles.jpg\" width=\"1\" height=\"1\"><img loading=\"lazy\" decoding=\"async\" src=\"lagranvia.src='https:\/\/ficcionclimatica.com\/wp-content\/uploads\/2023\/02\/bicis.jpg\" width=\"1\" height=\"1\">\n\n <br \/>\u00a0<\/center>\t\t\t\t\t\t<\/div>\n\t\t\t\t<\/div>\n\t\t\t\t\t<\/div>\n\t\t<\/div>\n\t\t\t\t\t\t\t<\/div>\n\t\t<\/section>\n\t\t\t\t\t\t<\/div>\n\t\t\t\t\t<\/div>\n\t\t","protected":false},"excerpt":{"rendered":"<p>LA PEL\u00cdCULA |\u00a0 NOVELA GR\u00c1FICA\u00a0 |\u00a0 VIDEOJUEGO\u00a0 |\u00a0 \u00a0PROYECTO EDUCATIVO\u00a0 |\u00a0 ANTICIPACI\u00d3N CLIM\u00c1TICA |\u00a0 CONTACTAR\u00a0&#8230;<\/p>\n","protected":false},"author":1,"featured_media":0,"parent":0,"menu_order":0,"comment_status":"closed","ping_status":"closed","template":"elementor_canvas","meta":{"footnotes":""},"class_list":["post-414","page","type-page","status-publish","hentry"],"_links":{"self":[{"href":"https:\/\/ficcionclimatica.com\/index.php?rest_route=\/wp\/v2\/pages\/414","targetHints":{"allow":["GET"]}}],"collection":[{"href":"https:\/\/ficcionclimatica.com\/index.php?rest_route=\/wp\/v2\/pages"}],"about":[{"href":"https:\/\/ficcionclimatica.com\/index.php?rest_route=\/wp\/v2\/types\/page"}],"author":[{"embeddable":true,"href":"https:\/\/ficcionclimatica.com\/index.php?rest_route=\/wp\/v2\/users\/1"}],"replies":[{"embeddable":true,"href":"https:\/\/ficcionclimatica.com\/index.php?rest_route=%2Fwp%2Fv2%2Fcomments&post=414"}],"version-history":[{"count":262,"href":"https:\/\/ficcionclimatica.com\/index.php?rest_route=\/wp\/v2\/pages\/414\/revisions"}],"predecessor-version":[{"id":1002,"href":"https:\/\/ficcionclimatica.com\/index.php?rest_route=\/wp\/v2\/pages\/414\/revisions\/1002"}],"wp:attachment":[{"href":"https:\/\/ficcionclimatica.com\/index.php?rest_route=%2Fwp%2Fv2%2Fmedia&parent=414"}],"curies":[{"name":"wp","href":"https:\/\/api.w.org\/{rel}","templated":true}]}}